{"id":316,"date":"2023-05-25T18:35:10","date_gmt":"2023-05-25T18:35:10","guid":{"rendered":"https:\/\/universitas.ucsp.edu.pe\/2023\/?post_type=event&#038;p=316"},"modified":"2023-06-06T22:09:43","modified_gmt":"2023-06-06T22:09:43","slug":"xii-concurso-de-cuento-corto","status":"publish","type":"event","link":"https:\/\/universitas.ucsp.edu.pe\/2023\/event\/xii-concurso-de-cuento-corto\/","title":{"rendered":"XII Concurso de Cuento Corto"},"content":{"rendered":"<div><img decoding=\"async\" src=\"https:\/\/universitas.ucsp.edu.pe\/2023\/wp-content\/uploads\/2023\/05\/42-xii-concurso-de-cuento-corto.jpg\" \/><\/div>\n<div class=\"event-cont\">\n<div class=\"modo-a\">\n<h2>XII Concurso de Cuento Corto<\/h2>\n<p><a class=\"btn-eve\" href=\"https:\/\/forms.gle\/KYFJEBbzi7gPu2q48\">Participar<\/a><\/p>\n<\/div>\n<p>\u00abA ti que te gusta la literatura, te invitamos a participar escribiendo un cuento corto por un Per\u00fa reconciliado. Tambi\u00e9n podr\u00e1s ser parte de la presentaci\u00f3n y premiaci\u00f3n a los mejores cuentos de nuestro concurso anual.\u00bb<br \/>\n<strong>Cierre de inscripciones 4 de junio<\/strong><\/p>\n<p><strong>Dirigido a: <\/strong>Estudiantes UCSP, P\u00fablico en general<\/p>\n<p><a class=\"btn-concu\" href=\"https:\/\/drive.google.com\/file\/d\/13VV2sOcvmBTzlnTlnAfBmwepOpDRA-lW\/view\">Bases del concurso<\/a><\/p>\n<ul class=\"name\">\n<li>Direcci\u00f3n de Comunidad Universitaria<\/li>\n<li>Concurso<\/li>\n<\/ul>\n<ul class=\"name\">\n<li>Cr\u00e9ditos para los alumnos de las escuelas de: Administraci\u00f3n de Negocios, Arquitectura y Urbanismo, Ciencia de la Computaci\u00f3n, Contabilidad, Derecho, Educaci\u00f3n, Ingenier\u00eda Ambiental, Ingenier\u00eda Civil, Ingenier\u00eda Electr\u00f3nica y de Telecomunicaciones, Ingenier\u00eda Industrial, Ingenier\u00eda Mecatr\u00f3nica, Psicolog\u00eda.<\/li>\n<\/ul>\n<ul class=\"date-data\">\n<li>\n<h4><img decoding=\"async\" src=\"https:\/\/universitas.ucsp.edu.pe\/2023\/wp-content\/uploads\/2023\/05\/dates.png\" \/>09 de junio<\/h4>\n<\/li>\n<li>\n<h4><img decoding=\"async\" src=\"https:\/\/universitas.ucsp.edu.pe\/2023\/wp-content\/uploads\/2023\/05\/263100.png\" \/><b>Formato: <\/b> Presencial<\/h4>\n<\/li>\n<li>\n<h4><img decoding=\"async\" src=\"https:\/\/universitas.ucsp.edu.pe\/2023\/wp-content\/uploads\/2023\/05\/reloj.png\" \/>18:15 a 20:30h<\/h4>\n<\/li>\n<li>\n<h4><img decoding=\"async\" src=\"https:\/\/universitas.ucsp.edu.pe\/2023\/wp-content\/uploads\/2023\/05\/site.png\" \/>San L\u00e1zaro &#8211; D03<\/h4>\n<\/li>\n<\/ul>\n<\/div>\n<div class=\"complement\">\n<p style=\"text-align: center;\">Juntos podemos<br \/>\n<b>construir un futuro m\u00e1s prometedor<\/b><br \/>\npara todos los peruanos.<\/p>\n<\/div>\n","protected":false},"excerpt":{"rendered":"<p>XII Concurso de Cuento Corto Participar \u00abA ti que te gusta la literatura, te invitamos a participar escribiendo un cuento corto por un Per\u00fa reconciliado. Tambi\u00e9n podr\u00e1s ser parte de la presentaci\u00f3n y premiaci\u00f3n a los mejores cuentos de nuestro&#8230;<\/p>\n","protected":false},"author":3,"featured_media":704,"comment_status":"closed","ping_status":"closed","template":"","meta":{"footnotes":""},"eventcat":[26],"organizer":[82],"event_tags":[],"location":[48],"class_list":["post-316","event","type-event","status-publish","has-post-thumbnail","hentry","eventcat-09-junio","organizer-direccion-de-comunidad-universitaria","location-san-lazaro-d03"],"yoast_head":"<!-- This site is optimized with the Yoast SEO plugin v20.8 - https:\/\/yoast.com\/wordpress\/plugins\/seo\/ -->\n<title>XII Concurso de Cuento Corto - Universitas | Universidad Universidad Catolica San Pablo<\/title>\n<meta name=\"robots\" content=\"index, follow, max-snippet:-1, max-image-preview:large, max-video-preview:-1\" \/>\n<link rel=\"canonical\" href=\"https:\/\/universitas.ucsp.edu.pe\/2023\/event\/xii-concurso-de-cuento-corto\/\" \/>\n<meta property=\"og:locale\" content=\"es_ES\" \/>\n<meta property=\"og:type\" content=\"article\" \/>\n<meta property=\"og:title\" content=\"XII Concurso de Cuento Corto - Universitas | Universidad Universidad Catolica San Pablo\" \/>\n<meta property=\"og:description\" content=\"XII Concurso de Cuento Corto Participar \u00abA ti que te gusta la literatura, te invitamos a participar escribiendo un cuento corto por un Per\u00fa reconciliado. Tambi\u00e9n podr\u00e1s ser parte de la presentaci\u00f3n y premiaci\u00f3n a los mejores cuentos de nuestro...\" \/>\n<meta property=\"og:url\" content=\"https:\/\/universitas.ucsp.edu.pe\/2023\/event\/xii-concurso-de-cuento-corto\/\" \/>\n<meta property=\"og:site_name\" content=\"Universitas | Universidad Universidad Catolica San Pablo\" \/>\n<meta property=\"article:modified_time\" content=\"2023-06-06T22:09:43+00:00\" \/>\n<meta property=\"og:image\" content=\"https:\/\/universitas.ucsp.edu.pe\/2023\/wp-content\/uploads\/2023\/05\/42-xii-concurso-de-cuento-corto.jpg\" \/>\n\t<meta property=\"og:image:width\" content=\"1200\" \/>\n\t<meta property=\"og:image:height\" content=\"600\" \/>\n\t<meta property=\"og:image:type\" content=\"image\/jpeg\" \/>\n<meta name=\"twitter:card\" content=\"summary_large_image\" \/>\n<meta name=\"twitter:label1\" content=\"Est. reading time\" \/>\n\t<meta name=\"twitter:data1\" content=\"2 minutos\" \/>\n<script type=\"application\/ld+json\" class=\"yoast-schema-graph\">{\"@context\":\"https:\/\/schema.org\",\"@graph\":[{\"@type\":\"WebPage\",\"@id\":\"https:\/\/universitas.ucsp.edu.pe\/2023\/event\/xii-concurso-de-cuento-corto\/\",\"url\":\"https:\/\/universitas.ucsp.edu.pe\/2023\/event\/xii-concurso-de-cuento-corto\/\",\"name\":\"XII Concurso de Cuento Corto - Universitas | Universidad Universidad Catolica San Pablo\",\"isPartOf\":{\"@id\":\"https:\/\/universitas.ucsp.edu.pe\/2023\/#website\"},\"datePublished\":\"2023-05-25T18:35:10+00:00\",\"dateModified\":\"2023-06-06T22:09:43+00:00\",\"breadcrumb\":{\"@id\":\"https:\/\/universitas.ucsp.edu.pe\/2023\/event\/xii-concurso-de-cuento-corto\/#breadcrumb\"},\"inLanguage\":\"es-PE\",\"potentialAction\":[{\"@type\":\"ReadAction\",\"target\":[\"https:\/\/universitas.ucsp.edu.pe\/2023\/event\/xii-concurso-de-cuento-corto\/\"]}]},{\"@type\":\"BreadcrumbList\",\"@id\":\"https:\/\/universitas.ucsp.edu.pe\/2023\/event\/xii-concurso-de-cuento-corto\/#breadcrumb\",\"itemListElement\":[{\"@type\":\"ListItem\",\"position\":1,\"name\":\"Portada\",\"item\":\"https:\/\/universitas.ucsp.edu.pe\/2023\/\"},{\"@type\":\"ListItem\",\"position\":2,\"name\":\"Events\",\"item\":\"https:\/\/universitas.ucsp.edu.pe\/2023\/event\/\"},{\"@type\":\"ListItem\",\"position\":3,\"name\":\"XII Concurso de Cuento Corto\"}]},{\"@type\":\"WebSite\",\"@id\":\"https:\/\/universitas.ucsp.edu.pe\/2023\/#website\",\"url\":\"https:\/\/universitas.ucsp.edu.pe\/2023\/\",\"name\":\"Universitas | Universidad Universidad Catolica San Pablo\",\"description\":\"Proximamente\",\"potentialAction\":[{\"@type\":\"SearchAction\",\"target\":{\"@type\":\"EntryPoint\",\"urlTemplate\":\"https:\/\/universitas.ucsp.edu.pe\/2023\/?s={search_term_string}\"},\"query-input\":\"required name=search_term_string\"}],\"inLanguage\":\"es-PE\"}]}<\/script>\n<!-- \/ Yoast SEO plugin. -->","yoast_head_json":{"title":"XII Concurso de Cuento Corto - Universitas | Universidad Universidad Catolica San Pablo","robots":{"index":"index","follow":"follow","max-snippet":"max-snippet:-1","max-image-preview":"max-image-preview:large","max-video-preview":"max-video-preview:-1"},"canonical":"https:\/\/universitas.ucsp.edu.pe\/2023\/event\/xii-concurso-de-cuento-corto\/","og_locale":"es_ES","og_type":"article","og_title":"XII Concurso de Cuento Corto - Universitas | Universidad Universidad Catolica San Pablo","og_description":"XII Concurso de Cuento Corto Participar \u00abA ti que te gusta la literatura, te invitamos a participar escribiendo un cuento corto por un Per\u00fa reconciliado. Tambi\u00e9n podr\u00e1s ser parte de la presentaci\u00f3n y premiaci\u00f3n a los mejores cuentos de nuestro...","og_url":"https:\/\/universitas.ucsp.edu.pe\/2023\/event\/xii-concurso-de-cuento-corto\/","og_site_name":"Universitas | Universidad Universidad Catolica San Pablo","article_modified_time":"2023-06-06T22:09:43+00:00","og_image":[{"width":1200,"height":600,"url":"https:\/\/universitas.ucsp.edu.pe\/2023\/wp-content\/uploads\/2023\/05\/42-xii-concurso-de-cuento-corto.jpg","type":"image\/jpeg"}],"twitter_card":"summary_large_image","twitter_misc":{"Est. reading time":"2 minutos"},"schema":{"@context":"https:\/\/schema.org","@graph":[{"@type":"WebPage","@id":"https:\/\/universitas.ucsp.edu.pe\/2023\/event\/xii-concurso-de-cuento-corto\/","url":"https:\/\/universitas.ucsp.edu.pe\/2023\/event\/xii-concurso-de-cuento-corto\/","name":"XII Concurso de Cuento Corto - Universitas | Universidad Universidad Catolica San Pablo","isPartOf":{"@id":"https:\/\/universitas.ucsp.edu.pe\/2023\/#website"},"datePublished":"2023-05-25T18:35:10+00:00","dateModified":"2023-06-06T22:09:43+00:00","breadcrumb":{"@id":"https:\/\/universitas.ucsp.edu.pe\/2023\/event\/xii-concurso-de-cuento-corto\/#breadcrumb"},"inLanguage":"es-PE","potentialAction":[{"@type":"ReadAction","target":["https:\/\/universitas.ucsp.edu.pe\/2023\/event\/xii-concurso-de-cuento-corto\/"]}]},{"@type":"BreadcrumbList","@id":"https:\/\/universitas.ucsp.edu.pe\/2023\/event\/xii-concurso-de-cuento-corto\/#breadcrumb","itemListElement":[{"@type":"ListItem","position":1,"name":"Portada","item":"https:\/\/universitas.ucsp.edu.pe\/2023\/"},{"@type":"ListItem","position":2,"name":"Events","item":"https:\/\/universitas.ucsp.edu.pe\/2023\/event\/"},{"@type":"ListItem","position":3,"name":"XII Concurso de Cuento Corto"}]},{"@type":"WebSite","@id":"https:\/\/universitas.ucsp.edu.pe\/2023\/#website","url":"https:\/\/universitas.ucsp.edu.pe\/2023\/","name":"Universitas | Universidad Universidad Catolica San Pablo","description":"Proximamente","potentialAction":[{"@type":"SearchAction","target":{"@type":"EntryPoint","urlTemplate":"https:\/\/universitas.ucsp.edu.pe\/2023\/?s={search_term_string}"},"query-input":"required name=search_term_string"}],"inLanguage":"es-PE"}]}},"_links":{"self":[{"href":"https:\/\/universitas.ucsp.edu.pe\/2023\/wp-json\/wp\/v2\/event\/316","targetHints":{"allow":["GET"]}}],"collection":[{"href":"https:\/\/universitas.ucsp.edu.pe\/2023\/wp-json\/wp\/v2\/event"}],"about":[{"href":"https:\/\/universitas.ucsp.edu.pe\/2023\/wp-json\/wp\/v2\/types\/event"}],"author":[{"embeddable":true,"href":"https:\/\/universitas.ucsp.edu.pe\/2023\/wp-json\/wp\/v2\/users\/3"}],"replies":[{"embeddable":true,"href":"https:\/\/universitas.ucsp.edu.pe\/2023\/wp-json\/wp\/v2\/comments?post=316"}],"version-history":[{"count":14,"href":"https:\/\/universitas.ucsp.edu.pe\/2023\/wp-json\/wp\/v2\/event\/316\/revisions"}],"predecessor-version":[{"id":885,"href":"https:\/\/universitas.ucsp.edu.pe\/2023\/wp-json\/wp\/v2\/event\/316\/revisions\/885"}],"wp:featuredmedia":[{"embeddable":true,"href":"https:\/\/universitas.ucsp.edu.pe\/2023\/wp-json\/wp\/v2\/media\/704"}],"wp:attachment":[{"href":"https:\/\/universitas.ucsp.edu.pe\/2023\/wp-json\/wp\/v2\/media?parent=316"}],"wp:term":[{"taxonomy":"eventcat","embeddable":true,"href":"https:\/\/universitas.ucsp.edu.pe\/2023\/wp-json\/wp\/v2\/eventcat?post=316"},{"taxonomy":"organizer","embeddable":true,"href":"https:\/\/universitas.ucsp.edu.pe\/2023\/wp-json\/wp\/v2\/organizer?post=316"},{"taxonomy":"event_tags","embeddable":true,"href":"https:\/\/universitas.ucsp.edu.pe\/2023\/wp-json\/wp\/v2\/event_tags?post=316"},{"taxonomy":"location","embeddable":true,"href":"https:\/\/universitas.ucsp.edu.pe\/2023\/wp-json\/wp\/v2\/location?post=316"}],"curies":[{"name":"wp","href":"https:\/\/api.w.org\/{rel}","templated":true}]}}